{"id":1626,"date":"2024-04-11T08:09:17","date_gmt":"2024-04-11T06:09:17","guid":{"rendered":"https:\/\/cnss.cd\/?page_id=1626"},"modified":"2024-06-14T11:45:59","modified_gmt":"2024-06-14T10:45:59","slug":"loi-et-decret","status":"publish","type":"page","link":"https:\/\/cnss.cd\/?page_id=1626","title":{"rendered":"Loi et d\u00e9cret"},"content":{"rendered":"\t\t<div data-elementor-type=\"wp-page\" data-elementor-id=\"1626\" class=\"elementor elementor-1626\" data-elementor-post-type=\"page\">\n\t\t\t\t<div class=\"elementor-element elementor-element-9d44d49 e-con-full e-flex qodef-elementor-content-no e-con e-parent\" data-id=\"9d44d49\" data-element_type=\"container\" data-e-type=\"container\">\n\t\t\t\t<div class=\"elementor-element elementor-element-e0b0ebc elementor-widget elementor-widget-text-editor\" data-id=\"e0b0ebc\" data-element_type=\"widget\" data-e-type=\"widget\" data-widget_type=\"text-editor.default\">\n\t\t\t\t<div class=\"elementor-widget-container\">\n\t\t\t\t\t\t\t\t\t<h3 style=\"font-weight: 400;\"><strong><u>Loi et d\u00e9cret<\/u><\/strong><\/h3><p style=\"font-weight: 400;\"><strong style=\"background-color: transparent; color: var( --e-global-color-text ); font-family: var( --e-global-typography-text-font-family ), Sans-serif; font-style: var( --e-global-typography-text-font-style ); letter-spacing: var( --e-global-typography-text-letter-spacing ); text-transform: var( --e-global-typography-text-text-transform ); text-align: var(--text-align);\">Les avantages de la loi num\u00e9ro\u00a016\/009\u00a0du\u00a015 juillet 2016<\/strong><\/p><p style=\"font-weight: 400;\">En effet, la Loi n\u00b016\/009 du 15\/07\/2016 fixant les r\u00e8gles g\u00e9n\u00e9rales du r\u00e9gime g\u00e9n\u00e9ral de la s\u00e9curit\u00e9 sociale a \u00e9largi le champ d\u2019application des personnes assujetties.<\/p><p style=\"font-weight: 400;\">La r\u00e9forme consacre l\u2019am\u00e9lioration de la couverture sociale par l\u2019extension du r\u00e9gime \u00e0 d\u2019autres cat\u00e9gories sociales. Ce qui permet de couvrir le secteur informel qui repr\u00e9sente environ 70 % de la population active en RDC.<\/p><p style=\"font-weight: 400;\">Outre les travailleurs soumis aux dispositions du Code du travail et les travailleurs assimil\u00e9s, la couverture sociale est d\u00e9sormais \u00e9tendue aux cat\u00e9gories de personnes ci-apr\u00e8s\u00a0:<\/p><ul style=\"font-weight: 400;\"><li>Les mandataires de l\u2019Etat dans les entreprises et \u00e9tablissements publics et dans les soci\u00e9t\u00e9s d\u2019\u00e9conomie mixte ;<\/li><li>Les employ\u00e9s locaux des missions diplomatiques accr\u00e9dit\u00e9es et \u00e9tablies en R\u00e9publique D\u00e9mocratique du Congo ;<\/li><li>Les associ\u00e9s actifs des soci\u00e9t\u00e9s ;<\/li><li>Le travailleur congolais occup\u00e9 par une entreprise situ\u00e9e en R\u00e9publique D\u00e9mocratique du Congo et qui, pour le compte de cette entreprise, preste sur le territoire d\u2019un autre pays afin d\u2019effectuer un travail pour une dur\u00e9e n\u2019exc\u00e9dant pas six mois ;<\/li><li>Le travailleur \u00e9tranger occup\u00e9 par une entreprise situ\u00e9e \u00e0 l\u2019\u00e9tranger et qui, pour le compte de cette entreprise, preste sur le territoire congolais afin d\u2019effectuer un travail pour une dur\u00e9e exc\u00e9dant six mois ;<\/li><li>Les membres des soci\u00e9t\u00e9s coop\u00e9ratives ouvri\u00e8res de production ainsi que les g\u00e9rants non-salari\u00e9s des coop\u00e9ratives et leurs pr\u00e9pos\u00e9s ;<\/li><li>Les hauts cadres des soci\u00e9t\u00e9s et des entreprises publiques d\u00e8s lors qu\u2019ils ne sont pas li\u00e9s par un contrat de travail ;<\/li><li>Les d\u00e9tenus ex\u00e9cutant un travail p\u00e9rilleux victimes d\u2019un accident survenu \u00e0 l\u2019occasion de ce travail ;<\/li><li>Les assur\u00e9s volontaires.<\/li><\/ul><p style=\"font-weight: 400;\">La r\u00e9forme du r\u00e9gime consacre l\u2019am\u00e9lioration des prestations servies et l\u2019assouplissement des conditions d\u2019octroi des prestations, notamment\u00a0:<\/p><ul style=\"font-weight: 400;\"><li>L\u2019uniformisation de l\u2019\u00e2ge (<strong>60 ans<\/strong>) pour l\u2019homme et la femme pour le b\u00e9n\u00e9fice d\u2019une pension de retraite, la possibilit\u00e9 d\u2019une pension anticip\u00e9e volontaire non li\u00e9e \u00e0 partir de\u00a0<strong>55 ans<\/strong>, le droit de rachat de carri\u00e8re pour tout assur\u00e9, \u00e2g\u00e9 de 60 ans au moins et le b\u00e9n\u00e9fice de l\u2019allocation de vieillesse pour l\u2019assur\u00e9 totalisant au moins 180 mois d\u2019assurance, soit 15 ans ;<\/li><li>L\u2019allocation de survivant aux ayants-droits d\u2019un assur\u00e9 ;<\/li><li>La pension de survivants allou\u00e9s aux veufs, veuves, orphelins ou ascendants dans la branche des pensions ;<\/li><li>L\u2019allongement \u00e0\u00a0<strong>60 jours<\/strong>\u00a0du d\u00e9lai de d\u00e9claration de l\u2019accident du travail et \u00e0\u00a0<strong>120 jours<\/strong>\u00a0du d\u00e9lai de d\u00e9claration de la maladie professionnelle\u00a0;<\/li><li>La prise en charge, en plus des accidents du travail et des maladies professionnelles, des maladies d\u2019origine professionnelle\u00a0;<\/li><li>La promotion de la pr\u00e9vention des risques professionnels par la mise en \u0153uvre des programmes appropri\u00e9s ;<\/li><li>Le droit aux allocations pr\u00e9natales et de maternit\u00e9 pour la femme travailleuse ou la conjointe d\u2019un assur\u00e9\u00a0;<\/li><li>Le droit aux indemnit\u00e9s journali\u00e8res de maternit\u00e9 pour la femme travailleuse pendant le cong\u00e9 de maternit\u00e9 pour compenser la perte de ses revenus.<\/li><\/ul><div>\u00a0<\/div><div><strong><em><u>Vous pouvez lire et\/ou t\u00e9l\u00e9charger\u00a0<\/u><\/em><em><u>la loi num\u00e9ro 16\/009 du 15 juillet 2016 ci-dessous<\/u><\/em><\/strong><\/div>\t\t\t\t\t\t\t\t<\/div>\n\t\t\t\t<\/div>\n\t\t\t\t<\/div>\n\t\t<div class=\"elementor-element elementor-element-af26569 e-flex e-con-boxed qodef-elementor-content-no e-con e-parent\" data-id=\"af26569\" data-element_type=\"container\" data-e-type=\"container\">\n\t\t\t\t\t<div class=\"e-con-inner\">\n\t\t\t\t<div class=\"elementor-element elementor-element-73e1cb3 elementor-widget elementor-widget-embedpress_pdf\" data-id=\"73e1cb3\" data-element_type=\"widget\" data-e-type=\"widget\" data-widget_type=\"embedpress_pdf.default\">\n\t\t\t\t<div class=\"elementor-widget-container\">\n\t\t\t\t\t    <div class=\"embedpress-document-embed ep-doc-df3d08425d592ccd7e83c19908c598da ose-document emebedpress-unit-percent \" data-thememode=\"default\" data-customcolor=\"\" data-toolbar=\"yes\" data-toolbar-position=\"top\" data-open=\"no\" data-presentation-mode=\"yes\" data-download=\"yes\" data-copy=\"yes\" data-add-image=\"yes\" data-rotate=\"yes\" data-details=\"yes\" data-id=\"embedpress-pdf-73e1cb3\" data-selection-tool=\"0\" data-scrolling=\"0\" data-spreads=\"-1\" style=\" max-width:100%; display: inline-block\">\n        \n        \n                <div >\n                \n                    <div id=\"ep-elementor-content-73e1cb3\" class=\"ep-elementor-content   ep-percentage-width   ep-content-protection-disabled\">\n                        <div id=\"73e1cb3\" class=\"ep-embed-content-wraper\">\n                            <div><iframe title=\"Recueil de textes legal, r\u00e9glementaires et mesures d\u2019ex\u00e9cution de la loi 16-009 du 15 juillet 2016\" class=\"embedpress-embed-document-pdf embedpress-pdf-73e1cb3\" style=\"width: 600%!important;height: 504px;; max-width:100%; display: inline-block\" src=\"https:\/\/cnss.cd\/wp-admin\/admin-ajax.php?action=get_viewer&#038;file=https%3A%2F%2Fcnss.cd%2Fwp-content%2Fuploads%2F2024%2F04%2FRecueil-de-textes-legal-reglementaires-et-mesures-dexecution-de-la-loi-16-009-du-15-juillet-2016-1.pdf&#038;scrolling=0&#038;selection_tool=0&#038;spreads=-1#key=dGhlbWVNb2RlPWRlZmF1bHQmdG9vbGJhcj10cnVlJnBvc2l0aW9uPXRvcCZwcmVzZW50YXRpb249dHJ1ZSZsYXp5TG9hZD1mYWxzZSZkb3dubG9hZD10cnVlJmNvcHlfdGV4dD10cnVlJmFkZF90ZXh0PXRydWUmZHJhdz10cnVlJmFkZF9pbWFnZT10cnVlJnBkZl9yb3RhdGlvbj10cnVlJnBkZl9kZXRhaWxzPXRydWUmem9vbV9pbj10cnVlJnpvb21fb3V0PXRydWUmZml0X3ZpZXc9dHJ1ZSZib29rbWFyaz10cnVlJmZsaXBib29rX3Rvb2xiYXJfcG9zaXRpb249Ym90dG9tJnNlbGVjdGlvbl90b29sPTAmc2Nyb2xsaW5nPTAmc3ByZWFkcz0tMSZpc19wcm9fYWN0aXZlPTA=&#038;zoom=auto\" class=\"embedpress-embed-document-pdf embedpress-pdf-73e1cb3\" data-emid=\"embedpress-pdf-73e1cb3\" frameborder=\"0\"><\/iframe><\/div>                        <\/div> \n\n                    <\/div>\n        \n\n                                    <\/div>\n            \n    <\/div>\n\n\t\t\t\t<\/div>\n\t\t\t\t<\/div>\n\t\t\t\t\t<\/div>\n\t\t\t\t<\/div>\n\t\t\t\t<\/div>\n\t\t","protected":false},"excerpt":{"rendered":"<p>Loi et d\u00e9cret Les avantages de la loi num\u00e9ro\u00a016\/009\u00a0du\u00a015 juillet 2016 En effet, la Loi n\u00b016\/009 du 15\/07\/2016 fixant les r\u00e8gles g\u00e9n\u00e9rales du r\u00e9gime g\u00e9n\u00e9ral de la s\u00e9curit\u00e9 sociale a [&hellip;]<\/p>\n","protected":false},"author":4,"featured_media":0,"parent":0,"menu_order":0,"comment_status":"closed","ping_status":"closed","template":"elementor_header_footer","meta":{"_kadence_starter_templates_imported_post":false,"jetpack_post_was_ever_published":false,"footnotes":""},"class_list":["post-1626","page","type-page","status-publish","hentry"],"yoast_head":"<!-- This site is optimized with the Yoast SEO plugin v27.5 - https:\/\/yoast.com\/product\/yoast-seo-wordpress\/ -->\n<title>Loi et d\u00e9cret - Caisse Nationale de S\u00e9curit\u00e9 Sociale<\/title>\n<meta name=\"robots\" content=\"index, follow, max-snippet:-1, max-image-preview:large, max-video-preview:-1\" \/>\n<link rel=\"canonical\" href=\"https:\/\/cnss.cd\/?page_id=1626\" \/>\n<meta property=\"og:locale\" content=\"fr_FR\" \/>\n<meta property=\"og:type\" content=\"article\" \/>\n<meta property=\"og:title\" content=\"Loi et d\u00e9cret - Caisse Nationale de S\u00e9curit\u00e9 Sociale\" \/>\n<meta property=\"og:description\" content=\"Loi et d\u00e9cret Les avantages de la loi num\u00e9ro\u00a016\/009\u00a0du\u00a015 juillet 2016 En effet, la Loi n\u00b016\/009 du 15\/07\/2016 fixant les r\u00e8gles g\u00e9n\u00e9rales du r\u00e9gime g\u00e9n\u00e9ral de la s\u00e9curit\u00e9 sociale a [&hellip;]\" \/>\n<meta property=\"og:url\" content=\"https:\/\/cnss.cd\/?page_id=1626\" \/>\n<meta property=\"og:site_name\" content=\"Caisse Nationale de S\u00e9curit\u00e9 Sociale\" \/>\n<meta property=\"article:modified_time\" content=\"2024-06-14T10:45:59+00:00\" \/>\n<meta name=\"twitter:card\" content=\"summary_large_image\" \/>\n<meta name=\"twitter:label1\" content=\"Dur\u00e9e de lecture estim\u00e9e\" \/>\n\t<meta name=\"twitter:data1\" content=\"3 minutes\" \/>\n<script type=\"application\/ld+json\" class=\"yoast-schema-graph\">{\"@context\":\"https:\\\/\\\/schema.org\",\"@graph\":[{\"@type\":\"WebPage\",\"@id\":\"https:\\\/\\\/cnss.cd\\\/?page_id=1626\",\"url\":\"https:\\\/\\\/cnss.cd\\\/?page_id=1626\",\"name\":\"Loi et d\u00e9cret - Caisse Nationale de S\u00e9curit\u00e9 Sociale\",\"isPartOf\":{\"@id\":\"https:\\\/\\\/cnss.cd\\\/#website\"},\"datePublished\":\"2024-04-11T06:09:17+00:00\",\"dateModified\":\"2024-06-14T10:45:59+00:00\",\"breadcrumb\":{\"@id\":\"https:\\\/\\\/cnss.cd\\\/?page_id=1626#breadcrumb\"},\"inLanguage\":\"fr-FR\",\"potentialAction\":[{\"@type\":\"ReadAction\",\"target\":[\"https:\\\/\\\/cnss.cd\\\/?page_id=1626\"]}]},{\"@type\":\"BreadcrumbList\",\"@id\":\"https:\\\/\\\/cnss.cd\\\/?page_id=1626#breadcrumb\",\"itemListElement\":[{\"@type\":\"ListItem\",\"position\":1,\"name\":\"Accueil\",\"item\":\"https:\\\/\\\/cnss.cd\\\/\"},{\"@type\":\"ListItem\",\"position\":2,\"name\":\"Loi et d\u00e9cret\"}]},{\"@type\":\"WebSite\",\"@id\":\"https:\\\/\\\/cnss.cd\\\/#website\",\"url\":\"https:\\\/\\\/cnss.cd\\\/\",\"name\":\"Caisse Nationale de S\u00e9curit\u00e9 Sociale\",\"description\":\"Une s\u00e9curit\u00e9 pour aujourd&#039;hui et demain\",\"publisher\":{\"@id\":\"https:\\\/\\\/cnss.cd\\\/#organization\"},\"potentialAction\":[{\"@type\":\"SearchAction\",\"target\":{\"@type\":\"EntryPoint\",\"urlTemplate\":\"https:\\\/\\\/cnss.cd\\\/?s={search_term_string}\"},\"query-input\":{\"@type\":\"PropertyValueSpecification\",\"valueRequired\":true,\"valueName\":\"search_term_string\"}}],\"inLanguage\":\"fr-FR\"},{\"@type\":\"Organization\",\"@id\":\"https:\\\/\\\/cnss.cd\\\/#organization\",\"name\":\"Caisse Nationale de S\u00e9curit\u00e9 Sociale\",\"url\":\"https:\\\/\\\/cnss.cd\\\/\",\"logo\":{\"@type\":\"ImageObject\",\"inLanguage\":\"fr-FR\",\"@id\":\"https:\\\/\\\/cnss.cd\\\/#\\\/schema\\\/logo\\\/image\\\/\",\"url\":\"https:\\\/\\\/cnss.cd\\\/wp-content\\\/uploads\\\/2025\\\/01\\\/LOGO-CNSSPDF_preview_rev_1.png\",\"contentUrl\":\"https:\\\/\\\/cnss.cd\\\/wp-content\\\/uploads\\\/2025\\\/01\\\/LOGO-CNSSPDF_preview_rev_1.png\",\"width\":634,\"height\":395,\"caption\":\"Caisse Nationale de S\u00e9curit\u00e9 Sociale\"},\"image\":{\"@id\":\"https:\\\/\\\/cnss.cd\\\/#\\\/schema\\\/logo\\\/image\\\/\"}}]}<\/script>\n<!-- \/ Yoast SEO plugin. -->","yoast_head_json":{"title":"Loi et d\u00e9cret - Caisse Nationale de S\u00e9curit\u00e9 Sociale","robots":{"index":"index","follow":"follow","max-snippet":"max-snippet:-1","max-image-preview":"max-image-preview:large","max-video-preview":"max-video-preview:-1"},"canonical":"https:\/\/cnss.cd\/?page_id=1626","og_locale":"fr_FR","og_type":"article","og_title":"Loi et d\u00e9cret - Caisse Nationale de S\u00e9curit\u00e9 Sociale","og_description":"Loi et d\u00e9cret Les avantages de la loi num\u00e9ro\u00a016\/009\u00a0du\u00a015 juillet 2016 En effet, la Loi n\u00b016\/009 du 15\/07\/2016 fixant les r\u00e8gles g\u00e9n\u00e9rales du r\u00e9gime g\u00e9n\u00e9ral de la s\u00e9curit\u00e9 sociale a [&hellip;]","og_url":"https:\/\/cnss.cd\/?page_id=1626","og_site_name":"Caisse Nationale de S\u00e9curit\u00e9 Sociale","article_modified_time":"2024-06-14T10:45:59+00:00","twitter_card":"summary_large_image","twitter_misc":{"Dur\u00e9e de lecture estim\u00e9e":"3 minutes"},"schema":{"@context":"https:\/\/schema.org","@graph":[{"@type":"WebPage","@id":"https:\/\/cnss.cd\/?page_id=1626","url":"https:\/\/cnss.cd\/?page_id=1626","name":"Loi et d\u00e9cret - Caisse Nationale de S\u00e9curit\u00e9 Sociale","isPartOf":{"@id":"https:\/\/cnss.cd\/#website"},"datePublished":"2024-04-11T06:09:17+00:00","dateModified":"2024-06-14T10:45:59+00:00","breadcrumb":{"@id":"https:\/\/cnss.cd\/?page_id=1626#breadcrumb"},"inLanguage":"fr-FR","potentialAction":[{"@type":"ReadAction","target":["https:\/\/cnss.cd\/?page_id=1626"]}]},{"@type":"BreadcrumbList","@id":"https:\/\/cnss.cd\/?page_id=1626#breadcrumb","itemListElement":[{"@type":"ListItem","position":1,"name":"Accueil","item":"https:\/\/cnss.cd\/"},{"@type":"ListItem","position":2,"name":"Loi et d\u00e9cret"}]},{"@type":"WebSite","@id":"https:\/\/cnss.cd\/#website","url":"https:\/\/cnss.cd\/","name":"Caisse Nationale de S\u00e9curit\u00e9 Sociale","description":"Une s\u00e9curit\u00e9 pour aujourd&#039;hui et demain","publisher":{"@id":"https:\/\/cnss.cd\/#organization"},"potentialAction":[{"@type":"SearchAction","target":{"@type":"EntryPoint","urlTemplate":"https:\/\/cnss.cd\/?s={search_term_string}"},"query-input":{"@type":"PropertyValueSpecification","valueRequired":true,"valueName":"search_term_string"}}],"inLanguage":"fr-FR"},{"@type":"Organization","@id":"https:\/\/cnss.cd\/#organization","name":"Caisse Nationale de S\u00e9curit\u00e9 Sociale","url":"https:\/\/cnss.cd\/","logo":{"@type":"ImageObject","inLanguage":"fr-FR","@id":"https:\/\/cnss.cd\/#\/schema\/logo\/image\/","url":"https:\/\/cnss.cd\/wp-content\/uploads\/2025\/01\/LOGO-CNSSPDF_preview_rev_1.png","contentUrl":"https:\/\/cnss.cd\/wp-content\/uploads\/2025\/01\/LOGO-CNSSPDF_preview_rev_1.png","width":634,"height":395,"caption":"Caisse Nationale de S\u00e9curit\u00e9 Sociale"},"image":{"@id":"https:\/\/cnss.cd\/#\/schema\/logo\/image\/"}}]}},"jetpack_sharing_enabled":true,"_links":{"self":[{"href":"https:\/\/cnss.cd\/index.php?rest_route=\/wp\/v2\/pages\/1626","targetHints":{"allow":["GET"]}}],"collection":[{"href":"https:\/\/cnss.cd\/index.php?rest_route=\/wp\/v2\/pages"}],"about":[{"href":"https:\/\/cnss.cd\/index.php?rest_route=\/wp\/v2\/types\/page"}],"author":[{"embeddable":true,"href":"https:\/\/cnss.cd\/index.php?rest_route=\/wp\/v2\/users\/4"}],"replies":[{"embeddable":true,"href":"https:\/\/cnss.cd\/index.php?rest_route=%2Fwp%2Fv2%2Fcomments&post=1626"}],"version-history":[{"count":40,"href":"https:\/\/cnss.cd\/index.php?rest_route=\/wp\/v2\/pages\/1626\/revisions"}],"predecessor-version":[{"id":2829,"href":"https:\/\/cnss.cd\/index.php?rest_route=\/wp\/v2\/pages\/1626\/revisions\/2829"}],"wp:attachment":[{"href":"https:\/\/cnss.cd\/index.php?rest_route=%2Fwp%2Fv2%2Fmedia&parent=1626"}],"curies":[{"name":"wp","href":"https:\/\/api.w.org\/{rel}","templated":true}]}}